{"id":2,"date":"2018-03-27T11:36:47","date_gmt":"2018-03-27T09:36:47","guid":{"rendered":"http:\/\/wpvorlage.preyer.net\/?page_id=2"},"modified":"2025-01-09T09:15:35","modified_gmt":"2025-01-09T08:15:35","slug":"data-protection","status":"publish","type":"page","link":"https:\/\/www.schmittwerke.com\/en\/data-protection\/","title":{"rendered":"Data protection"},"content":{"rendered":"\t\t<div data-elementor-type=\"wp-page\" data-elementor-id=\"2\" class=\"elementor elementor-2\" data-elementor-settings=\"{&quot;element_pack_global_tooltip_width&quot;:{&quot;unit&quot;:&quot;px&quot;,&quot;size&quot;:&quot;&quot;,&quot;sizes&quot;:[]},&quot;element_pack_global_tooltip_width_tablet&quot;:{&quot;unit&quot;:&quot;px&quot;,&quot;size&quot;:&quot;&quot;,&quot;sizes&quot;:[]},&quot;element_pack_global_tooltip_width_mobile&quot;:{&quot;unit&quot;:&quot;px&quot;,&quot;size&quot;:&quot;&quot;,&quot;sizes&quot;:[]},&quot;element_pack_global_tooltip_padding&quot;:{&quot;unit&quot;:&quot;px&quot;,&quot;top&quot;:&quot;&quot;,&quot;right&quot;:&quot;&quot;,&quot;bottom&quot;:&quot;&quot;,&quot;left&quot;:&quot;&quot;,&quot;isLinked&quot;:true},&quot;element_pack_global_tooltip_padding_tablet&quot;:{&quot;unit&quot;:&quot;px&quot;,&quot;top&quot;:&quot;&quot;,&quot;right&quot;:&quot;&quot;,&quot;bottom&quot;:&quot;&quot;,&quot;left&quot;:&quot;&quot;,&quot;isLinked&quot;:true},&quot;element_pack_global_tooltip_padding_mobile&quot;:{&quot;unit&quot;:&quot;px&quot;,&quot;top&quot;:&quot;&quot;,&quot;right&quot;:&quot;&quot;,&quot;bottom&quot;:&quot;&quot;,&quot;left&quot;:&quot;&quot;,&quot;isLinked&quot;:true},&quot;element_pack_global_tooltip_border_radius&quot;:{&quot;unit&quot;:&quot;px&quot;,&quot;top&quot;:&quot;&quot;,&quot;right&quot;:&quot;&quot;,&quot;bottom&quot;:&quot;&quot;,&quot;left&quot;:&quot;&quot;,&quot;isLinked&quot;:true},&quot;element_pack_global_tooltip_border_radius_tablet&quot;:{&quot;unit&quot;:&quot;px&quot;,&quot;top&quot;:&quot;&quot;,&quot;right&quot;:&quot;&quot;,&quot;bottom&quot;:&quot;&quot;,&quot;left&quot;:&quot;&quot;,&quot;isLinked&quot;:true},&quot;element_pack_global_tooltip_border_radius_mobile&quot;:{&quot;unit&quot;:&quot;px&quot;,&quot;top&quot;:&quot;&quot;,&quot;right&quot;:&quot;&quot;,&quot;bottom&quot;:&quot;&quot;,&quot;left&quot;:&quot;&quot;,&quot;isLinked&quot;:true}}\" data-elementor-post-type=\"page\">\n\t\t\t\t\t\t<section class=\"elementor-section elementor-top-section elementor-element elementor-element-66f5c9f elementor-section-boxed elementor-section-height-default elementor-section-height-default\" data-id=\"66f5c9f\" data-element_type=\"section\" data-e-type=\"section\">\n\t\t\t\t\t\t<div class=\"elementor-container elementor-column-gap-default\">\n\t\t\t\t\t<div class=\"elementor-column elementor-col-100 elementor-top-column elementor-element elementor-element-0b96bbb\" data-id=\"0b96bbb\" data-element_type=\"column\" data-e-type=\"column\">\n\t\t\t<div class=\"elementor-widget-wrap elementor-element-populated\">\n\t\t\t\t\t\t<div class=\"elementor-element elementor-element-7c48243 elementor-widget elementor-widget-heading\" data-id=\"7c48243\" data-element_type=\"widget\" data-e-type=\"widget\" data-widget_type=\"heading.default\">\n\t\t\t\t<div class=\"elementor-widget-container\">\n\t\t\t\t\t<h1 class=\"elementor-heading-title elementor-size-large\">Datenschutzerkl\u00e4rung<\/h1>\t\t\t\t<\/div>\n\t\t\t\t<\/div>\n\t\t\t\t\t<\/div>\n\t\t<\/div>\n\t\t\t\t\t<\/div>\n\t\t<\/section>\n\t\t\t\t<section class=\"elementor-section elementor-top-section elementor-element elementor-element-2a75eaf elementor-section-boxed elementor-section-height-default elementor-section-height-default\" data-id=\"2a75eaf\" data-element_type=\"section\" data-e-type=\"section\">\n\t\t\t\t\t\t<div class=\"elementor-container elementor-column-gap-default\">\n\t\t\t\t\t<div class=\"elementor-column elementor-col-100 elementor-top-column elementor-element elementor-element-7964f73\" data-id=\"7964f73\" data-element_type=\"column\" data-e-type=\"column\">\n\t\t\t<div class=\"elementor-widget-wrap elementor-element-populated\">\n\t\t\t\t\t\t<div class=\"elementor-element elementor-element-afbe010 elementor-widget elementor-widget-text-editor\" data-id=\"afbe010\" data-element_type=\"widget\" data-e-type=\"widget\" data-widget_type=\"text-editor.default\">\n\t\t\t\t<div class=\"elementor-widget-container\">\n\t\t\t\t\t\t\t\t\t<div>\n\nWir f\u00fchren unsere Webseiten nach den im Folgenden geregelten Grunds\u00e4tzen:\n\n<\/div>\n<div>\n\nWir verpflichten uns, die gesetzlichen Bestimmungen zum Datenschutz einzuhalten und bem\u00fchen uns, stets die Grunds\u00e4tze der Datenvermeidung und der Datenminimierung zu ber\u00fccksichtigen.\n\n<\/div>\n<div><b>1. Name und Anschrift des Verantwortlichen sowie des Datenschutzbeauftragten<\/b><\/div>\n<div>a) Der Verantwortliche<\/div>\n<div><\/div>\n<div>Der Verantwortliche im Sinne der Datenschutz-Grundverordnung und anderer nationaler Datenschutzgesetze der Mitgliedsstaaten der Europ\u00e4ischen Union sowie sonstiger datenschutzrechtlicher Bestimmungen ist:<\/div>\n<div>MSB GmbH &amp; Co. KG<\/div>\n<div>Lindenstra\u00dfe 12<\/div>\n<div>D-97653 Bischofsheim i.d. Rh\u00f6n<\/div>\n<div><\/div>\n<div>Fon \u00a0+49 9772 9111-0<\/div>\n<div>Fax \u00a0+49 9772 9111-777<\/div>\n<div>E-Mail: <strong><a href=\"mailto:info@schnittwerke.com\">info@schnittwerke.com<\/a><\/strong><\/div>\n<div><\/div>\n<div><\/div>\n<div>b) Der Datenschutzbeauftragte<\/div>\n<div><\/div>\n<div>Den Datenschutzbeauftragten des Verantwortlichen erreichen Sie wie folgt:<\/div>\n<div>MSB GmbH &amp; Co. KG<\/div>\n<div>Lindenstra\u00dfe 12<\/div>\n<div>D-97653 Bischofsheim<\/div>\n<div>Tel. +49 9772 9111-0<\/div>\n<div>\n\nE-Mail: datenschutz@schmittwerke.com\n\n<\/div>\n<div><b>2. Begriffserkl\u00e4rungen<\/b><\/div>\n<div><\/div>\n<div>\n\nWir haben unsere Datenschutzerkl\u00e4rung nach den Grunds\u00e4tzen der Klarheit und Transparenz gestaltet. Sollten dennoch Unklarheiten in Bezug auf die Verwendung von verschiedenen Begrifflichkeiten bestehen, k\u00f6nnen die entsprechenden Definitionen hier [https:\/\/dsgvo-gesetz.de\/art-4-dsgvo\/] eingesehen werden.\n\n<\/div>\n<div><b>3. Rechtsgrundlage f\u00fcr die Verarbeitung von personenbezogenen Daten<\/b><\/div>\n<div><\/div>\n<div>a) Verarbeitung von personenbezogenen Daten nach der DSGVO<\/div>\n<div><\/div>\n<div>Wir verarbeiten Ihre personenbezogenen Daten wie bspw. Ihren Namen und Vornamen, Ihre E-Mail-Adresse und IP-Adresse usw. nur, wenn hierf\u00fcr eine gesetzliche Grundlage gegeben ist. \u00a0Hier kommen nach der Datenschutzgrundverordnung insbesondere folgende Regelungen in Betracht:<\/div>\n<div><\/div>\n<div>\u2022 Art. 6 Abs. 1 S. 1 lit. a DSGVO: Die betroffene Person hat ihre Einwilligung zu der Verarbeitung der sie betreffenden personenbezogenen Daten f\u00fcr einen oder mehrere bestimmte Zwecke gegeben.<\/div>\n<div>\u2022 Art. 6 Abs. 1 S. 1 lit. b DSGVO: Die Verarbeitung ist f\u00fcr die Erf\u00fcllung eines Vertrags, dessen Vertragspartei die betroffene Person ist, oder zur Durchf\u00fchrung vorvertraglicher Ma\u00dfnahmen erforderlich, die auf Anfrage der betroffenen Person erfolgen.<\/div>\n<div>\u2022 Art. 6 Abs. 1 S. 1 lit. c DSGVO: Die Verarbeitung ist zur Erf\u00fcllung einer rechtlichen Verpflichtung erforderlich, der der Verantwortliche unterliegt<\/div>\n<div>\u2022 Art. 6 Abs. 1 S. 1 lit. d DSGVO: Die Verarbeitung ist erforderlich, um lebenswichtige Interessen der betroffenen Person oder einer anderen nat\u00fcrlichen Person zu sch\u00fctzen<\/div>\n<div>\u2022 Art. 6 Abs. 1 S. 1 lit. e DSGVO: die Verarbeitung ist f\u00fcr die Wahrnehmung einer Aufgabe erforderlich, die im \u00f6ffentlichen Interesse liegt oder in Aus\u00fcbung \u00f6ffentlicher Gewalt erfolgt, die dem Verantwortlichen \u00fcbertragen wurde<\/div>\n<div>\u2022 Art. 6 Abs. 1 S. 1 lit. f DSGVO: die Verarbeitung ist zur Wahrung der berechtigten Interessen des Verantwortlichen oder eines Dritten erforderlich, sofern nicht die Interessen oder Grundrechte und Grundfreiheiten der betroffenen Person, die den Schutz personenbezogener Daten erfordern, \u00fcberwiegen, insbesondere dann, wenn es sich bei der betroffenen Person um ein Kind handelt<\/div>\n<div><\/div>\n<div>Wir weisen Sie aber an den jeweiligen Stellen dieser Datenschutzerkl\u00e4rung immer noch einmal darauf hin, auf welcher Rechtsgrundlage die Verarbeitung Ihrer personenbezogenen Daten erfolgt.<\/div>\n<div><\/div>\n<div>b) Zustimmung der Sorgeberechtigten nach Art. 8 Abs.1 S.2 Alt.2 DSGVO<\/div>\n<div><\/div>\n<div>Ein Sorgeberechtigter muss s\u00e4mtlichen Datenverarbeitungen im Rahmen dieser Webseite zustimmen, f\u00fcr die die Einwilligung eines Minderj\u00e4hrigen, der das 16. Lebensjahr noch nicht vollendet hat, ben\u00f6tigt wird.<\/div>\n<div>Informationen zu den einzelnen Datenverarbeitungsvorg\u00e4ngen, deren Zwecke und die hierbei betroffenen Datenkategorien, f\u00fcr die eine Einwilligung des Betroffenen ben\u00f6tigt wird, erhalten Sie in der Datenschutzerkl\u00e4rung.<\/div>\n<div><\/div>\n<div>Sie k\u00f6nnen Ihre Einwilligung jederzeit durch \u00dcbersendung der Widerrufserkl\u00e4rung in Textform an die Kontaktdaten des Verantwortlichen widerrufen. Die Verarbeitung bis zum Widerruf bleibt rechtm\u00e4\u00dfig.<\/div>\n<div><\/div>\n<div>c) Verarbeitung von Informationen nach \u00a7 25 Abs.1 TTDSG<\/div>\n<div><\/div>\n<div>Wir verarbeiten au\u00dferdem Informationen gem. \u00a7 25 Abs.1 TTDSG, indem wir Informationen auf Ihrer Endeinrichtung speichern oder auf Informationen zugreifen, die bereits in Ihrer Endeinrichtung gespeichert sind. Dabei kann es sich um sowohl um personenbezogene Informationen als auch um nicht-personenbezogene-Daten, z.B. Cookies, Browser Fingerprints, Werbe-IDs, MAC-Adressen und IMEI-Nummern handeln. Endeinrichtung ist dabei jede direkt oder indirekt an die Schnittstelle eines \u00f6ffentlichen Telekommunikationsnetzes angeschlossene Einrichtung zum Aussenden, Verarbeiten oder Empfangen von Nachrichten, \u00a7 2 Abs.2 Nr.6 TTDSG.<\/div>\n<div><\/div>\n<div>Diese Informationen verarbeiten wir im Regelfall aufgrund Ihrer Einwilligung, \u00a7 25 Abs.1 TTDSG.<\/div>\n<div><\/div>\n<div>Soweit eine Ausnahme nach \u00a7 25 Abs.2 Nr. 1 und Nr.2 TTDSG gegeben ist, ben\u00f6tigen wir keine Einwilligung. Eine solche Ausnahme ist gegeben, wenn wir ausschlie\u00dflich auf die Informationen zugreifen oder diese speichern, um eine Nachricht \u00fcber ein \u00f6ffentliches Telekommunikationsnetz zu \u00fcbertragen oder wenn dies unbedingt erforderlich ist, damit wir einen von Ihnen ausdr\u00fccklich gew\u00fcnschten Telemediendienst zur Verf\u00fcgung stellen k\u00f6nnen. Ihre Einwilligung k\u00f6nnen Sie jederzeit widerrufen.<\/div>\n<div><\/div>\n<div>\u00a0Wir setzen Sie davon in Kenntnis, dass durch den Widerruf der Einwilligung die Rechtm\u00e4\u00dfigkeit der aufgrund der Einwilligung bis zum Widerruf erfolgten Verarbeitung nicht ber\u00fchrt wird<\/div>\n<div><\/div>\n<div><b>4. Weitergabe der personenbezogenen Daten<\/b><\/div>\n<div><\/div>\n<div>Auch bei der Weitergabe von personenbezogenen Daten handelt es sich um eine Verarbeitung im Sinne der vorangegangenen Ziffer 3. Wir wollen Sie an dieser Stelle jedoch nochmal gesondert \u00fcber das Thema der Weitergabe an Dritte informieren. Der Schutz Ihrer personenbezogenen Daten liegt uns sehr am Herzen. Aus diesem Grund sind wir besonders vorsichtig, wenn es darum geht Ihre Daten an Dritte weiterzugeben.<\/div>\n<div><\/div>\n<div>Eine Weitergabe an Dritte erfolgt daher nur, wenn eine Rechtsgrundlage f\u00fcr die Verarbeitung gegeben ist. Beispielsweise geben wir personenbezogene Daten an Personen oder Unternehmen weiter, die f\u00fcr uns als Auftragsverarbeiter gem\u00e4\u00df Art. 28 DSGVO t\u00e4tig sind. Auftragsverarbeiter ist jeder, der in unserem Auftrag f\u00fcr uns \u2013 also insbesondere in einem Weisungs- und Kontrollverh\u00e4ltnis zu uns \u2013 personenbezogene Daten verarbeitet<\/div>\n<div><\/div>\n<div>\n\nEntsprechend den Vorgaben der DSGVO schlie\u00dfen wir mit jedem unserer Auftragsverarbeiter einen Vertrag, um diesen auf die Einhaltung datenschutzrechtlicher Vorschriften zu verpflichten und Ihren Daten somit umfassenden Schutz zu gew\u00e4hren.\n\n<\/div>\n<div><b>5. Speicherdauer und L\u00f6schung<\/b><\/div>\n<div><\/div>\n<div>\n\nIhre personenbezogenen Daten werden von uns gel\u00f6scht, soweit diese f\u00fcr die Zwecke, f\u00fcr die sie erhoben oder auf sonstige Weise verarbeitet wurden, nicht mehr notwendig sind, die Verarbeitung nicht zur Aus\u00fcbung des Rechts auf freie Meinungs\u00e4u\u00dferung und Information, zur Erf\u00fcllung einer rechtlichen Verpflichtung, aus Gr\u00fcnden des \u00f6ffentlichen Interesses oder zur Geltendmachung, Aus\u00fcbung oder Verteidigung von Rechtsanspr\u00fcchen erforderlich sind.\n\n<\/div>\n<div><b>6. SSL-Verschl\u00fcsselung\u00a0<\/b><\/div>\n<div><\/div>\n<div>Diese Webseite nutzt aus Gr\u00fcnden der Sicherheit und zum Schutz der \u00dcbertragung vertraulicher Inhalte, wie z.B. der Anfragen, die Sie an uns als Webseitenbetreiber senden, eine SSL-Verschl\u00fcsselung. Eine verschl\u00fcsselte Verbindung erkennen Sie daran, dass die Adresszeile des Browsers von \u201ehttp:\/\/&#8220; auf \u201ehttps:\/\/&#8220; wechselt und an dem Schloss-Symbol in Ihrer Browserzeile.<\/div>\n<div>\n\nWenn die SSL-Verschl\u00fcsselung aktiviert ist, k\u00f6nnen die Daten, die Sie an uns \u00fcbermitteln, nicht von Dritten mitgelesen werden.\n\n<\/div>\n<div><b>7. Cookies\u00a0<\/b><\/div>\n<div><\/div>\n<div>Auf unserer Webseite setzen wir Cookies ein. Cookies sind kleine Datenpakete, die Ihr Browser automatisch erstellt und die auf Ihrem Endger\u00e4t gespeichert werden, wenn Sie unsere Webseite besuchen. Diese Cookies dienen dazu, Informationen im Zusammenhang mit dem jeweils eingesetzten Endger\u00e4t abzulegen.<\/div>\n<div>Bei dem Einsatz von Cookies unterscheidet man zwischen den technisch notwendigen Cookies und den \u201eweiteren\u201c Cookies. Technisch notwendige Cookies sind dann gegeben, wenn diese unbedingt erforderlich sind, um einen von Ihnen ausdr\u00fccklich gew\u00fcnschten Dienst der Informationsgesellschaft zur Verf\u00fcgung zu stellen.<\/div>\n<div><\/div>\n<div>a) Technisch notwendige Cookies<\/div>\n<div>Um Ihnen die Nutzung unseres Angebots angenehmer zu gestalten, setzen wir technisch notwendige Cookies ein, hierbei kann es sich um sogenannte Session-Cookies (z.B. Sprach- und Schriftwahl, Warenkorb usw.), Consent-Cookies, Cookies zur Gew\u00e4hrleistung der Serverstabilit\u00e4t und Sicherheit o.\u00c4. handeln. Die Rechtsgrundlage f\u00fcr die Cookies ergibt sich aus Art. 6 Abs. 1 S. 1 lit. f) DSGVO, unserem berechtigten Interesse am fehlerfreien Betrieb der Webseite und dem Interesse daran, Ihnen unserer Dienste optimiert zur Verf\u00fcgung zu stellen.<\/div>\n<div>b) Weitere Cookies<\/div>\n<div>Unter die weiteren Cookies fallen Cookies zu statistischen Zwecken, Analyse- und Marketing- und Retargetingzwecken.<\/div>\n<div>Diese Cookies setzen wir auf Grund Ihrer Einwilligung gem. Art. 6 Abs. 1 S. 1 lit. a) DSGVO f\u00fcr Sie ein.<\/div>\n<div><\/div>\n<div>Bei dem Einsatz von Cookies aus berechtigtem Interesse k\u00f6nnen Sie der weiteren Verwendung f\u00fcr die Zukunft nat\u00fcrlich jederzeit widersprechen.<\/div>\n<div><\/div>\n<div>Ihre Einwilligung f\u00fcr den Einsatz von Cookies k\u00f6nnen Sie jederzeit widerrufen.<\/div>\n<div>Wir setzen Sie davon in Kenntnis, dass durch den Widerruf der Einwilligung die Rechtm\u00e4\u00dfigkeit der aufgrund der Einwilligung bis zum Widerruf erfolgten Verarbeitung nicht ber\u00fchrt wird.<\/div>\n<div><\/div>\n<div><\/div>\n<div>Hierzu k\u00f6nnen Sie entweder Ihre Cookie-Einstellungen auf unserer Webseite bearbeiten, in Ihren Browser-Einstellungen die Nutzung von Cookies deaktivieren (wobei hierdurch auch die Funktionsf\u00e4higkeit des Onlineangebots eingeschr\u00e4nkt werden kann) oder im Einzelfall f\u00fcr den entsprechenden Dienst ein Opt-out setzen.<\/div>\n<div><\/div>\n<div>Sie k\u00f6nnen Ihren Widerspruch gegen den Einsatz von Cookies zu Marketingzwecken auch \u00fcber die EU-Seite http:\/\/www.youronlinechoices.com\/ oder generell auf http:\/\/optout.aboutads.info erkl\u00e4ren.<\/div>\n<div><\/div>\n<div>Wir weisen Sie bei den jeweiligen Diensten innerhalb der Datenschutzerkl\u00e4rung darauf hin, auf welcher Rechtsgrundlage diese Daten verarbeitet werden.<\/div>\n<div><\/div>\n<div><\/div>\n<div><b>8. Cookie-Banner<\/b><\/div>\nZur Verwaltung der eingesetzten Cookies und \u00e4hnlichen Technologien (Tracking-Pixel, Web-Beacons etc.) und diesbez\u00fcglicher Einwilligungen setzen wir das Consent Tool &#8222;Real Cookie Banner&#8220; ein. Details zur Funktionsweise von &#8222;Real Cookie Banner&#8220; findest du unter <a href=\"https:\/\/devowl.io\/de\/rcb\/datenverarbeitung\/\" rel=\"noreferrer noopener\" target=\"_blank\">https:\/\/devowl.io\/de\/rcb\/datenverarbeitung\/<\/a>.\n\nRechtsgrundlagen f\u00fcr die Verarbeitung von personenbezogenen Daten in diesem Zusammenhang sind Art. 6 Abs. 1 lit. c DS-GVO und Art. 6 Abs. 1 lit. f DS-GVO. Unser berechtigtes Interesse ist die Verwaltung der eingesetzten Cookies und \u00e4hnlichen Technologien und der diesbez\u00fcglichen Einwilligungen.\n\nDie Bereitstellung der personenbezogenen Daten ist weder vertraglich vorgeschrieben noch f\u00fcr den Abschluss eines Vertrages notwendig. Du bist nicht verpflichtet die personenbezogenen Daten bereitzustellen. Wenn du die personenbezogenen Daten nicht bereitstellst, k\u00f6nnen wir deine Einwilligungen nicht verwalten.\n<div><\/div>\n<div><b>9. Erhebung und Speicherung von personenbezogenen Daten sowie deren Art und Zweck der Verwendung<\/b><\/div>\n<div><\/div>\n<div>a) Externes Hosting<\/div>\n<div><\/div>\n<div>Unsere Webseite wird bei Alexander Preyer &#8211; PreyerNET, \u00a0Am Lindenberg 7, 97762 Hammelburg,\u00a0<a href=\"http:\/\/www.rhoenhoster.de\" target=\"_blank\" rel=\"noopener\">www.rhoenhoster.de<\/a>\u00a0gehostet. Aus diesem Grund werden alle personenbezogenen Daten, die auf unserer Webseite erfasst werden, auf den Servern unseres Hosters gespeichert, soweit nicht ein externer Dienst eines Dritten eingebunden ist. Hierbei kann es sich um die IP-Adresse, Ihre E-Mail-Adresse, Kommunikationsdaten oder \u00e4hnliches handeln. Um welche konkreten personenbezogenen Daten es sich hierbei handelt, erfahren Sie nachfolgend bei den einzelnen von uns erl\u00e4uterten Funktionen und Diensten. Sollten wir einen externen Dienst eines Dritten einsetzen, wird dies bei der Beschreibung des jeweiligen Dienstes bzw. Tools deutlich gemacht.<\/div>\n<div><\/div>\n<div>\n\nDer Hoster verarbeitet Ihre Daten nur auf unsere Weisung und soweit dies zur Erf\u00fcllung der Leistungen auf der Webseite erforderlich ist. Eine Verarbeitung der Daten durch den Hoster zu eigenen Zwecken findet nicht statt. Wir haben einen Vertrag zur Auftragsverarbeitung \u00a0mit diesem geschlossen.\n\n<\/div>\n<div>b) Beim Besuch der Webseite<\/div>\n<div><\/div>\n<div>Beim Aufrufen unserer Webseite werden durch den auf Ihrem Endger\u00e4t zum Einsatz kommenden Browser automatisch Informationen an den Server unserer Webseite gesendet. Diese Informationen werden tempor\u00e4r in einem sogenannten Logfile gespeichert. Folgende Informationen werden dabei ohne Ihr Zutun erfasst und bis zur automatisierten L\u00f6schung gespeichert:<\/div>\n<div>\u2022 IP-Adresse des anfragenden Rechners<\/div>\n<div>\u2022 Datum und Uhrzeit des Zugriffs<\/div>\n<div>\u2022 Name und URL der abgerufenen Datei<\/div>\n<div>\u2022 Webseite, von der aus der Zugriff erfolgt (Referrer-URL)<\/div>\n<div>\u2022 verwendeter Browser und ggf. das Betriebssystem Ihres Rechners sowie der Name Ihres Access-Providers<\/div>\n<div><\/div>\n<div>Die genannten Daten werden durch uns zu folgenden Zwecken verarbeitet:<\/div>\n<div><\/div>\n<div>\u2022 Gew\u00e4hrleistung eines reibungslosen Verbindungsaufbaus der Webseite<\/div>\n<div>\u2022 Gew\u00e4hrleistung einer komfortablen Nutzung unserer Webseite<\/div>\n<div>\u2022 Auswertung der Systemsicherheit und -stabilit\u00e4t<\/div>\n<div>\u2022 Fehleranalyse<\/div>\n<div>\u2022 zu weiteren administrativen Zwecken<\/div>\n<div><\/div>\n<div>Daten, die einen R\u00fcckschluss auf Ihre Person zulassen, wie bspw. die IP-Adresse, werden sp\u00e4testens nach 7 Tagen gel\u00f6scht. Sollten wir die Daten \u00fcber diesen Zeitraum hinaus speichern, werden diese Daten pseudonymisiert, so dass eine Zuordnung zu Ihnen nicht mehr m\u00f6glich ist.<\/div>\n<div>\n\nDie Rechtsgrundlage f\u00fcr die Datenverarbeitung ist Art. 6 Abs. 1 S. 1 lit. f DSGVO. Unser berechtigtes Interesse folgt aus oben aufgelisteten Zwecken zur Datenerhebung. In keinem Fall verwenden wir die erhobenen Daten zu dem Zweck, R\u00fcckschl\u00fcsse auf Ihre Person zu ziehen.\n\n<\/div>\n<div>c) Kontaktformular \/ E-Mail-Kontakt<\/div>\n<div>Wir stellen Ihnen auf unserer Webseite ein Formular zur Verf\u00fcgung, so dass Sie die M\u00f6glichkeit haben, jederzeit Kontakt mit uns aufzunehmen. F\u00fcr die Verwendung des Kontaktformulars ist die Angabe eines Namens f\u00fcr eine pers\u00f6nliche Anrede und einer g\u00fcltigen E-Mail-Adresse zur Kontaktaufnahme notwendig, damit wir wissen, von wem die Anfrage stammt und diese auch bearbeiten k\u00f6nnen.<\/div>\n<div>\n\nWenn Sie uns per Kontaktformular Anfragen zukommen lassen, werden Ihre Angaben aus dem Anfrageformular inklusive der von Ihnen dort angegebenen Kontaktdaten sowie Ihre IP-Adresse gem. Art. 6 Abs. 1 S. 1 lit. b und f DSGVO zur Durchf\u00fchrung vorvertraglicher Ma\u00dfnahmen, die auf Ihre Anfrage hin erfolgen bzw. zur Wahrnehmung unseres berechtigten Interesses, n\u00e4mlich zur Aus\u00fcbung unserer gesch\u00e4ftlichen T\u00e4tigkeit verarbeitet.\n\n<\/div>\n<div>Gerne k\u00f6nnen Sie uns auch stattdessen eine E-Mail unter Verwendung der auf unserer Webseite angegebenen E-Mail-Adresse zusenden. Wir speichern und verarbeiten in diesem Fall Ihre E-Mail-Adresse sowie die von Ihnen im Rahmen der E-Mail gemachten Angaben gem\u00e4\u00df Art. 6 Abs. 1 S. 1 lit. b und f DSGVO zur Bearbeitung Ihrer Nachricht.<\/div>\n<div>\n\nDie Anfragen sowie die damit einhergehenden Daten werden sp\u00e4testens 3 Monate \u00a0nach Erhalt gel\u00f6scht, sofern diese nicht f\u00fcr eine weitere vertragliche Beziehung ben\u00f6tigt werden.\n\n<\/div>\n<div><b>10. Analyse- und Trackingtools\u00a0<\/b><\/div>\n<div><\/div>\n<div>Wir setzen auf unserer Webseite die nachfolgend aufgelisteten Analyse- und Trackingtools ein. Diese dienen dazu, die fortlaufende Optimierung unserer Webseite sicherzustellen und diese bedarfsgerecht zu gestalten.<\/div>\n<div>Diese Tools setzen wir auf Grund der von Ihnen erteilten Einwilligung gem. Art. 6 Abs. 1 S. 1 lit. a DSGVO ein. Sie k\u00f6nnen Ihre Einwilligung jederzeit durch \u00c4nderung der Cookie-Einstellungen widerrufen. Die Verarbeitung bis zum Widerruf bleibt rechtm\u00e4\u00dfig.<\/div>\n<div>\n\nDie jeweiligen Datenverarbeitungszwecke und Datenkategorien sind aus den entsprechenden Tools zu entnehmen. Wir weisen darauf hin, dass wir keinen Einfluss darauf haben, ob und in welchem Umfang die Dienstleister weitere Datenverarbeitungen durchf\u00fchren.\n\n<\/div>\n<div>Facebook Conversion Pixel<\/div>\n<div><\/div>\n<div>Wir setzen den \u201eConversion-Pixel\u201c bzw. Besucheraktions-Pixel der Meta Platforms Ireland Ltd. (4 Grand Canal Square, Grand Canal Harbour, Dublin 2 Ireland) ein. Durch den Aufruf dieses Pixels aus Ihrem Browser kann Meta Platforms in der Folge erkennen, ob eine Facebook-Werbeanzeige erfolgreich war, also z. B. zu einem Online-Kaufabschluss gef\u00fchrt hat.<\/div>\n<div>Wir erhalten von Meta Platforms hierzu ausschlie\u00dflich statistische Daten ohne Bezug zu einer konkreten Person. So k\u00f6nnen wir die Wirksamkeit der Facebook -Werbeanzeigen f\u00fcr statistische Zwecke und Marktforschungszwecke erfassen. Insbesondere falls Sie bei Facebook angemeldet sind, verweisen wir im \u00dcbrigen auf deren Datenschutzinformationen https:\/\/www.facebook.com\/about\/privacy\/.<\/div>\n<div><\/div>\n<div><b>11. Videoeinbindung\u00a0<\/b><\/div>\n<div>YouTube<\/div>\n<div><\/div>\n<div>Wir betten in unsere Webseite im Rahmen von iFrame Videos von YouTube, welches von Google (Google Ireland Limited, Gordon House, Barrow Street, Dublin 4, Irland) betrieben wird, ein. Im Rahmen der Einbettung der Videos haben wir den erweiterten Datenschutzmodus von YouTube aktiviert.<\/div>\n<div><\/div>\n<div>Wenn Sie w\u00e4hrend Ihres Besuchs ein YouTube Video abspielen, wird eine Verbindung zu den Servern von YouTube hergestellt und dem YouTube-Server mitgeteilt, welche unserer Seiten Sie besucht haben. Dadurch kann YouTube Ihr Surfverhalten direkt Ihrem pers\u00f6nlichen Profil zuordnen. Sie k\u00f6nnen dies verhindern, wenn Sie sich vor dem Besuch unserer Webseite aus Ihrem Mitgliedskonto ausloggen. Dar\u00fcber hinaus setzt YouTube beim Starten des Dienstes verschiedene Cookies, um nach eigenen Angaben ihre angebotenen Dienste zu verbessern und einen Missbrauch zu verhindern.<\/div>\n<div>Weitere Informationen zum Umgang von Nutzerdaten und den gesetzten Cookies finden Sie in der Datenschutzerkl\u00e4rung von YouTube unter: https:\/\/www.google.de\/intl\/de\/policies\/privacy<\/div>\n<div>Durch die Einbindung von YouTube werden auch die Google Fonts von Google dynamisch nachgeladen, ohne dass man dies als Webseitenbetreiber oder -besucher aktiv bestimmt. \u00a0Die Einbindung dieser Web Fonts erfolgt durch einen Serveraufruf, in der Regel ein Server von Google in den USA. Hierdurch wird an den Server m\u00f6glicherweise folgendes \u00fcbermittelt und von Google gespeichert:<\/div>\n<div>\u2022 Name und Version des verwendeten Browsers<\/div>\n<div>\u2022 Webseite, von der die Anfrage ausgel\u00f6st wurde (Referrer-URL)<\/div>\n<div>\u2022 Betriebssystem Ihres Rechners<\/div>\n<div>\u2022 Bildschirmaufl\u00f6sung Ihres Rechners<\/div>\n<div>\u2022 IP-Adresse anfragenden Rechners<\/div>\n<div>\u2022 Spracheinstellungen des Browsers bzw. des Betriebssystems, das der User nutzt<\/div>\n<div><\/div>\n<div>N\u00e4here Informationen finden Sie in den Datenschutzhinweisen von Google, die Sie hier abrufen k\u00f6nnen:<\/div>\n<div><\/div>\n<div>www.google.com\/fonts#AboutPlace:about<\/div>\n<div>www.google.com\/policies\/privacy\/<\/div>\n<div><\/div>\n<div>\n\nDie Rechtsgrundlage ergibt sich aus der von Ihnen erteilten Einwilligung gem. Art. 6 Abs. 1 S. 1 lit. a DSGVO. Sie k\u00f6nnen Ihre erteilte Einwilligung jederzeit widerrufen, in dem Sie die Cookie-Einstellung auf unserer Webseite \u00e4ndern.\n\n<\/div>\n<div><b>12. Rechte des Betroffenen<\/b><\/div>\n<div><\/div>\n<div>Ihnen stehen folgende Rechte zu:<\/div>\n<div>a) Auskunft<\/div>\n<div><\/div>\n<div>Sie haben gem\u00e4\u00df Art. 15 DSGVO das Recht, Auskunft \u00fcber Ihre von uns verarbeiteten personenbezogenen Daten zu verlangen. Dieses Auskunftsrecht umfasst dabei Informationen \u00fcber<\/div>\n<div>\u2022 die Verarbeitungszwecke<\/div>\n<div>\u2022 die Kategorien der personenbezogenen Daten<\/div>\n<div>\u2022 die Empf\u00e4nger oder Kategorien von Empf\u00e4ngern, gegen\u00fcber denen Ihre Daten offengelegt wurden oder werden<\/div>\n<div>\u2022 die geplante Speicherdauer oder zumindest die Kriterien f\u00fcr die Festlegung der Speicherdauer<\/div>\n<div>\u2022 das Bestehen eines Rechts auf Berichtigung, L\u00f6schung, Einschr\u00e4nkung der Verarbeitung oder Widerspruch<\/div>\n<div>\u2022 das Bestehen eines Beschwerderechts bei einer Aufsichtsbeh\u00f6rde<\/div>\n<div>\u2022 die Herkunft Ihrer personenbezogenen Daten, sofern diese nicht bei uns erhoben wurden<\/div>\n<div>\n\n\u2022 das Bestehen einer automatisierten Entscheidungsfindung einschlie\u00dflich Profiling und ggf. aussagekr\u00e4ftigen Informationen zu deren Einzelheiten\n\n<\/div>\n<div>b) Berichtigung<\/div>\n<div><\/div>\n<div>\n\nIhnen steht nach Art. 16 DSGVO ein Recht auf unverz\u00fcgliche Berichtigung unrichtiger oder unvollst\u00e4ndiger gespeicherter personenbezogener Daten bei uns zu.\n\n<\/div>\n<div>c) L\u00f6schung<\/div>\n<div>Sie haben nach Art. 17 DSGVO das Recht, die unverz\u00fcgliche L\u00f6schung Ihrer personenbezogenen Daten bei uns zu verlangen, soweit die weitere Verarbeitung nicht aus einem der nachfolgenden Gr\u00fcnde erforderlich ist:<\/div>\n<div>\u2022 die personenbezogenen Daten sind f\u00fcr die Zwecke, f\u00fcr die sie erhoben oder auf sonstige Weise verarbeitet wurden, noch notwendig<\/div>\n<div>\u2022 zur Aus\u00fcbung des Rechts auf freie Meinungs\u00e4u\u00dferung und Information<\/div>\n<div>\u2022 zur Erf\u00fcllung einer rechtlichen Verpflichtung, die die Verarbeitung nach dem Recht der Europ\u00e4ischen Union oder der Mitgliedstaaten, dem der Verantwortliche unterliegt, erfordert, oder zur Wahrnehmung einer Aufgabe, die im \u00f6ffentlichen Interesse liegt oder in Aus\u00fcbung \u00f6ffentlicher Gewalt erfolgt, die dem Verantwortlichen \u00fcbertragen wurde<\/div>\n<div>\u2022 aus Gr\u00fcnden des \u00f6ffentlichen Interesses im Bereich der \u00f6ffentlichen Gesundheit gem\u00e4\u00df Art. 9 Abs. 2 lit. h und i sowie Art. 9 Abs. 3 DSGVO<\/div>\n<div>\u2022 f\u00fcr im \u00f6ffentlichen Interesse liegende Archivzwecke, wissenschaftliche oder historische Forschungszwecke oder f\u00fcr statistische Zwecke gem. Art. 89 Abs. 1 DSGVO, soweit das unter Abschnitt a) genannte Recht voraussichtlich die Verwirklichung der Ziele dieser Verarbeitung unm\u00f6glich macht oder ernsthaft beeintr\u00e4chtigt<\/div>\n<div>\n\n\u2022 zur Geltendmachung, Aus\u00fcbung oder Verteidigung von Rechtsanspr\u00fcchen\n\n<\/div>\n<div>d) Einschr\u00e4nkung der Verarbeitung<\/div>\n<div><\/div>\n<div>Sie k\u00f6nnen gem\u00e4\u00df Art. 18 DSGVO die Einschr\u00e4nkung der Verarbeitung Ihrer personenbezogenen Daten aus einem der nachfolgenden Gr\u00fcnde verlangen:<\/div>\n<div>\u2022 Sie bestreiten die Richtigkeit Ihrer personenbezogenen Daten.<\/div>\n<div>\u2022 Die Verarbeitung ist unrechtm\u00e4\u00dfig und Sie lehnen die L\u00f6schung der personenbezogenen Daten ab.<\/div>\n<div>\u2022 Wir ben\u00f6tigen die personenbezogenen Daten f\u00fcr die Zwecke der Verarbeitung nicht l\u00e4nger, Sie ben\u00f6tigen diese jedoch zur Geltendmachung, Aus\u00fcbung oder Verteidigung von Rechtsanspr\u00fcchen.<\/div>\n<div>\n\n\u2022 Sie legen Widerspruch gegen die Verarbeitung gem\u00e4\u00df Art. 21 Abs. 1 DSGVO ein.\n\n<\/div>\n<div>e) Unterrichtung<\/div>\n<div><\/div>\n<div>\n\nWenn Sie die Berichtigung oder L\u00f6schung Ihrer personenbezogenen Daten oder eine Einschr\u00e4nkung der Verarbeitung nach Art. 16, Art. 17 Abs. 1 und Art. 18 DSGVO verlangt haben, teilen wir dies allen Empf\u00e4ngern, denen Ihre personenbezogenen Daten offengelegt wurden, mit, es sei denn, dies erweist sich als unm\u00f6glich oder ist mit einem unverh\u00e4ltnism\u00e4\u00dfigen Aufwand verbunden. Sie k\u00f6nnen von uns verlangen, dass wir Ihnen diese Empf\u00e4nger mitteilen.\n\n<\/div>\n<div>f) \u00dcbermittlung<\/div>\n<div><\/div>\n<div>Sie haben das Recht, Ihre personenbezogenen Daten, die Sie uns bereitgestellt haben, in einem strukturierten, g\u00e4ngigen und maschinenlesbaren Format zu erhalten.<\/div>\n<div>\n\nSie haben ebenfalls das Recht, die \u00dcbermittlung dieser Daten an einen Dritten zu verlangen, sofern die Verarbeitung mithilfe automatisierter Verfahren erfolgte und auf einer Einwilligung gem\u00e4\u00df Art. 6 Abs. 1 S. 1 lit. a oder Art. 9 Abs. 2 lit. a oder auf einem Vertrag gem\u00e4\u00df Art. 6 Abs. 1 S. 1 lit. b DSGVO beruht.\n\n<\/div>\n<div>g) Widerruf<\/div>\n<div><\/div>\n<div>\n\nSie haben gem\u00e4\u00df Art. 7 Abs. 3 DSGVO das Recht, ihre erteilte Einwilligung jederzeit uns gegen\u00fcber zu widerrufen. Durch den Widerruf der Einwilligung wird die Rechtm\u00e4\u00dfigkeit der aufgrund der Einwilligung bis zum Widerruf erfolgten Verarbeitung nicht ber\u00fchrt. Zuk\u00fcnftig d\u00fcrfen wir die Datenverarbeitung, die auf Ihrer widerrufenen Einwilligung beruhte nicht mehr fortf\u00fchren.\n\n<\/div>\n<div>h) Beschwerde<\/div>\n<div><\/div>\n<div>\n\nSie haben gem\u00e4\u00df Art. 77 DSGVO das Recht, sich bei einer Aufsichtsbeh\u00f6rde zu beschweren, wenn Sie der Ansicht sind, dass die Verarbeitung Ihrer personenbezogenen Daten gegen die DSGVO verst\u00f6\u00dft.\n\n<\/div>\n<div>i) Widerspruch<\/div>\n<div><\/div>\n<div>Sofern Ihre personenbezogenen Daten auf Grundlage von berechtigten Interessen gem\u00e4\u00df Art. 6 Abs. 1 S. 1 lit. f DSGVO verarbeitet werden, haben Sie das Recht, gem\u00e4\u00df Art. 21 DSGVO Widerspruch gegen die Verarbeitung Ihrer personenbezogenen Daten einzulegen, soweit daf\u00fcr Gr\u00fcnde vorliegen, die sich aus Ihrer besonderen Situation ergeben oder sich der Widerspruch gegen Direktwerbung richtet. Im letzteren Fall haben Sie ein generelles Widerspruchsrecht, das ohne Angabe der besonderen Situation von uns umgesetzt wird. M\u00f6chten Sie von Ihrem Widerrufs- oder Widerspruchsrecht Gebrauch machen, gen\u00fcgt eine E-Mail an info@schnittwerke.com.<\/div>\n<div>Automatisierte Entscheidung im Einzelfall einschlie\u00dflich Profiling<\/div>\n<div><\/div>\n<div>Sie haben das Recht, nicht einer ausschlie\u00dflich auf einer automatisierten Verarbeitung \u2013 einschlie\u00dflich Profiling \u2013 beruhenden Entscheidung unterworfen zu werden, die Ihnen gegen\u00fcber rechtliche Wirkung entfaltet oder Sie in \u00e4hnlicher Weise erheblich beeintr\u00e4chtigt. Dies gilt nicht, wenn die Entscheidung<\/div>\n<div><\/div>\n<div>i. f\u00fcr den Abschluss oder die Erf\u00fcllung eines Vertrags zwischen Ihnen und uns erforderlich ist<\/div>\n<div>ii. aufgrund von Rechtsvorschriften der Europ\u00e4ischen Union oder der Mitgliedstaaten, denen wir unterliegen, zul\u00e4ssig ist und diese Rechtsvorschriften angemessene Ma\u00dfnahmen zur Wahrung Ihrer Rechte und Freiheiten sowie Ihrer berechtigten Interessen enthalten<\/div>\n<div>iii. mit Ihrer ausdr\u00fccklichen Einwilligung erfolgt<\/div>\n<div><\/div>\n<div>Allerdings d\u00fcrfen diese Entscheidungen nicht auf besonderen Kategorien personenbezogener Daten nach Art. 9 Abs. 1 DSGVO beruhen, sofern nicht Art. 9 Abs. 2 lit. a oder g DSGVO gilt und angemessene Ma\u00dfnahmen zum Schutz der Rechte und Freiheiten sowie Ihrer berechtigten Interessen getroffen wurden.<\/div>\n<div>\n\nHinsichtlich der in i) und iii) genannten F\u00e4lle treffen wir angemessene Ma\u00dfnahmen, um die Rechte und Freiheiten sowie Ihre berechtigten Interessen zu wahren, wozu mindestens das Recht auf Erwirkung des Eingreifens einer Person von unserer Seite, auf Darlegung des eigenen Standpunkts und auf Anfechtung der Entscheidung geh\u00f6rt.\n\n<\/div>\n<div><b>13. \u00c4nderung der Datenschutzerkl\u00e4rung<\/b><\/div>\n<div><\/div>\n<div>Sollten wir die Datenschutzerkl\u00e4rung \u00e4ndern, dann wird dies auf der Webseite kenntlich gemacht.<\/div>\n<div>Stand: 15.03.2023<\/div>\n<div id=\"_tcx-t1cr22tgmdn\" class=\"_tc_offscreeneded\"><\/div>\t\t\t\t\t\t\t\t<\/div>\n\t\t\t\t<\/div>\n\t\t\t\t\t<\/div>\n\t\t<\/div>\n\t\t\t\t\t<\/div>\n\t\t<\/section>\n\t\t\t\t<section class=\"elementor-section elementor-top-section elementor-element elementor-element-1bed42f elementor-section-boxed elementor-section-height-default elementor-section-height-default\" data-id=\"1bed42f\" data-element_type=\"section\" data-e-type=\"section\">\n\t\t\t\t\t\t<div class=\"elementor-container elementor-column-gap-default\">\n\t\t\t\t\t<div class=\"elementor-column elementor-col-100 elementor-top-column elementor-element elementor-element-b26d341\" data-id=\"b26d341\" data-element_type=\"column\" data-e-type=\"column\">\n\t\t\t<div class=\"elementor-widget-wrap elementor-element-populated\">\n\t\t\t\t\t\t<div class=\"elementor-element elementor-element-1cba268 elementor-widget elementor-widget-spacer\" data-id=\"1cba268\" data-element_type=\"widget\" data-e-type=\"widget\" data-widget_type=\"spacer.default\">\n\t\t\t\t<div class=\"elementor-widget-container\">\n\t\t\t\t\t\t\t<div class=\"elementor-spacer\">\n\t\t\t<div class=\"elementor-spacer-inner\"><\/div>\n\t\t<\/div>\n\t\t\t\t\t\t<\/div>\n\t\t\t\t<\/div>\n\t\t\t\t\t<\/div>\n\t\t<\/div>\n\t\t\t\t\t<\/div>\n\t\t<\/section>\n\t\t\t\t<\/div>\n\t\t","protected":false},"excerpt":{"rendered":"<p>Datenschutzerkl\u00e4rung Wir f\u00fchren unsere Webseiten nach den im Folgenden geregelten Grunds\u00e4tzen: Wir verpflichten uns, die gesetzlichen Bestimmungen zum Datenschutz einzuhalten und bem\u00fchen uns, stets die Grunds\u00e4tze der Datenvermeidung und der Datenminimierung zu ber\u00fccksichtigen. 1. Name und Anschrift des Verantwortlichen sowie des Datenschutzbeauftragten a) Der Verantwortliche Der Verantwortliche im Sinne der Datenschutz-Grundverordnung und anderer nationaler Datenschutzgesetze [&hellip;]<\/p>\n","protected":false},"author":1,"featured_media":0,"parent":0,"menu_order":0,"comment_status":"closed","ping_status":"open","template":"","meta":{"footnotes":""},"class_list":["post-2","page","type-page","status-publish","hentry"],"_links":{"self":[{"href":"https:\/\/www.schmittwerke.com\/en\/wp-json\/wp\/v2\/pages\/2","targetHints":{"allow":["GET"]}}],"collection":[{"href":"https:\/\/www.schmittwerke.com\/en\/wp-json\/wp\/v2\/pages"}],"about":[{"href":"https:\/\/www.schmittwerke.com\/en\/wp-json\/wp\/v2\/types\/page"}],"author":[{"embeddable":true,"href":"https:\/\/www.schmittwerke.com\/en\/wp-json\/wp\/v2\/users\/1"}],"replies":[{"embeddable":true,"href":"https:\/\/www.schmittwerke.com\/en\/wp-json\/wp\/v2\/comments?post=2"}],"version-history":[{"count":4,"href":"https:\/\/www.schmittwerke.com\/en\/wp-json\/wp\/v2\/pages\/2\/revisions"}],"predecessor-version":[{"id":6236,"href":"https:\/\/www.schmittwerke.com\/en\/wp-json\/wp\/v2\/pages\/2\/revisions\/6236"}],"wp:attachment":[{"href":"https:\/\/www.schmittwerke.com\/en\/wp-json\/wp\/v2\/media?parent=2"}],"curies":[{"name":"wp","href":"https:\/\/api.w.org\/{rel}","templated":true}]}}